{"id":869,"date":"2026-02-11T18:58:31","date_gmt":"2026-02-11T21:58:31","guid":{"rendered":"https:\/\/ligadonoportugues.com.br\/?page_id=869"},"modified":"2026-08-27T14:11:54","modified_gmt":"2026-08-27T17:11:54","slug":"pagina-inicial-2","status":"publish","type":"page","link":"https:\/\/ligadonoportugues.com.br\/","title":{"rendered":"P\u00e1gina Inicial"},"content":{"rendered":"\n<h4 class=\"wp-block-heading\">Portugu\u00eas pode ser mais simples.<\/h4>\n\n\n\n<p class=\"wp-block-paragraph\" style=\"font-size:18px\">Aprender Portugu\u00eas n\u00e3o precisa ser complicado, cansativo ou baseado apenas em decorar regras.<\/p>\n\n\n\n<p class=\"wp-block-paragraph\" style=\"font-size:18px\">O <strong>Ligado No Portugu\u00eas<\/strong> nasceu para tornar o aprendizado da L\u00edngua Portuguesa mais <strong>claro, visual, objetivo e significativo<\/strong>.<\/p>\n\n\n\n<p class=\"wp-block-paragraph\" style=\"font-size:18px\">Aqui, voc\u00ea encontra conte\u00fados pensados para ajudar a compreender a l\u00edngua de verdade \u2014 desde os primeiros conceitos de gram\u00e1tica at\u00e9 os assuntos mais cobrados em <strong>provas, vestibulares, ENEM, concursos e processos seletivos<\/strong>.<\/p>\n\n\n\n<h5 class=\"wp-block-heading\">APRENDER \u00c9 MAIS F\u00c1CIL QUANDO VOC\u00ca CONSEGUE VISUALIZAR<\/h5>\n\n\n\n<p class=\"wp-block-paragraph\" style=\"font-size:18px\">Foi para isso que desenvolvemos o <strong>M\u00e9todo Visual de Aprendizagem<\/strong>.<\/p>\n\n\n\n<p class=\"wp-block-paragraph\" style=\"font-size:18px\">Em vez de apresentar a gram\u00e1tica como um conjunto de regras isoladas, organizamos os conte\u00fados de maneira visual, estruturada e progressiva, facilitando a compreens\u00e3o, a revis\u00e3o e a memoriza\u00e7\u00e3o.<\/p>\n\n\n\n<p class=\"wp-block-paragraph\" style=\"font-size:18px\"><strong>Voc\u00ea n\u00e3o precisa decorar tudo. Primeiro, precisa entender.<\/strong><\/p>\n\n\n\n<p class=\"wp-block-paragraph\" style=\"font-size:18px\">E quando o conte\u00fado faz sentido, aprender Portugu\u00eas fica muito mais f\u00e1cil.<\/p>\n\n\n\n<h5 class=\"wp-block-heading\">O QUE VOC\u00ca ENCONTRA NO LIGADO NO PORTUGU\u00caS?<\/h5>\n\n\n\n<p class=\"wp-block-paragraph\" style=\"font-size:18px\">Conte\u00fados completos e materiais did\u00e1ticos sobre:<\/p>\n\n\n\n<ul class=\"wp-block-list\">\n<li style=\"font-size:18px\">Gram\u00e1tica;<\/li>\n\n\n\n<li style=\"font-size:18px\">Classes gramaticais;<\/li>\n\n\n\n<li style=\"font-size:18px\">Estrutura e forma\u00e7\u00e3o das palavras;<\/li>\n\n\n\n<li style=\"font-size:18px\">Morfologia;<\/li>\n\n\n\n<li style=\"font-size:18px\">Verbos;<\/li>\n\n\n\n<li style=\"font-size:18px\">Concord\u00e2ncia;<\/li>\n\n\n\n<li style=\"font-size:18px\">Sintaxe;<\/li>\n\n\n\n<li style=\"font-size:18px\">Ortografia;<\/li>\n\n\n\n<li style=\"font-size:18px\">Acentua\u00e7\u00e3o;<\/li>\n\n\n\n<li style=\"font-size:18px\">Crase;<\/li>\n\n\n\n<li style=\"font-size:18px\">Sem\u00e2ntica;<\/li>\n\n\n\n<li style=\"font-size:18px\">Pontua\u00e7\u00e3o;<\/li>\n\n\n\n<li style=\"font-size:18px\">Figuras de linguagem;<\/li>\n\n\n\n<li style=\"font-size:18px\">Express\u00f5es que confundem;<\/li>\n\n\n\n<li style=\"font-size:18px\">Leitura e interpreta\u00e7\u00e3o de textos;<\/li>\n\n\n\n<li style=\"font-size:18px\">Tipos e g\u00eaneros textuais;<\/li>\n\n\n\n<li style=\"font-size:18px\">Reda\u00e7\u00e3o;<\/li>\n\n\n\n<li style=\"font-size:18px\">E muito mais.<\/li>\n<\/ul>\n\n\n\n<p class=\"wp-block-paragraph\" style=\"font-size:18px\">Tudo organizado para que voc\u00ea possa <strong>estudar, revisar e avan\u00e7ar<\/strong> com mais seguran\u00e7a.<\/p>\n\n\n\n<h5 class=\"wp-block-heading\">MAIS DO QUE APRENDER REGRAS<\/h5>\n\n\n\n<p class=\"wp-block-paragraph\" style=\"font-size:18px\">Portugu\u00eas est\u00e1 presente em praticamente tudo o que fazemos.<\/p>\n\n\n\n<p class=\"wp-block-paragraph\" style=\"font-size:18px\">Est\u00e1 na leitura de uma quest\u00e3o de prova, na interpreta\u00e7\u00e3o de um texto, na elabora\u00e7\u00e3o de uma reda\u00e7\u00e3o, em uma mensagem profissional, em um concurso ou em uma entrevista de emprego.<\/p>\n\n\n\n<p class=\"wp-block-paragraph\" style=\"font-size:18px\">Por isso, nosso objetivo n\u00e3o \u00e9 apenas ensinar regras gramaticais.<\/p>\n\n\n\n<p class=\"wp-block-paragraph\" style=\"font-size:18px\">\u00c9 ajudar voc\u00ea a <strong>compreender, interpretar, escrever e se comunicar melhor<\/strong>.<\/p>\n\n\n\n<h5 class=\"wp-block-heading\">ESTUDE NO SEU RITMO<\/h5>\n\n\n\n<p class=\"wp-block-paragraph\" style=\"font-size:18px\">Aqui, voc\u00ea encontra materiais digitais desenvolvidos para facilitar seus estudos.<\/p>\n\n\n\n<p class=\"wp-block-paragraph\" style=\"font-size:18px\">Conte\u00fados organizados, explica\u00e7\u00f5es objetivas, exemplos, exerc\u00edcios e materiais visuais que permitem que voc\u00ea retome os assuntos sempre que precisar.<\/p>\n\n\n\n<p class=\"wp-block-paragraph\" style=\"font-size:18px\"><strong>Estude onde quiser. Revise quando precisar. Aprenda no seu ritmo.<\/strong><\/p>\n\n\n\n<h5 class=\"wp-block-heading\">LIGADO NO PORTUGU\u00caS<\/h5>\n\n\n\n<p class=\"wp-block-paragraph\" style=\"font-size:18px\">Se voc\u00ea quer melhorar seu dom\u00ednio da L\u00edngua Portuguesa, est\u00e1 no lugar certo.<\/p>\n\n\n\n<p class=\"wp-block-paragraph\" style=\"font-size:18px\"><strong>Entenda. Visualize. Pratique. Aprenda.<\/strong><\/p>\n\n\n\n<p class=\"wp-block-paragraph\" style=\"font-size:18px\">Ligue-se ao Portugu\u00eas de um jeito diferente.<\/p>\n\n\n\n<p class=\"wp-block-paragraph\" style=\"font-size:18px\"><strong>CONHE\u00c7A NOSSOS MATERIAIS E COMECE AGORA.<\/strong><\/p>\n\n\n\n<p class=\"wp-block-paragraph\"><\/p>\n","protected":false},"excerpt":{"rendered":"<p>Portugu\u00eas pode ser mais simples. Aprender Portugu\u00eas n\u00e3o precisa ser complicado, cansativo ou baseado apenas em decorar regras. O Ligado No Portugu\u00eas nasceu para tornar o aprendizado da L\u00edngua Portuguesa mais claro, visual, objetivo&#46;&#46;&#46;<\/p>\n","protected":false},"author":1,"featured_media":0,"parent":0,"menu_order":0,"comment_status":"closed","ping_status":"closed","template":"","meta":{"footnotes":""},"class_list":["post-869","page","type-page","status-publish","hentry"],"_links":{"self":[{"href":"https:\/\/ligadonoportugues.com.br\/index.php\/wp-json\/wp\/v2\/pages\/869","targetHints":{"allow":["GET"]}}],"collection":[{"href":"https:\/\/ligadonoportugues.com.br\/index.php\/wp-json\/wp\/v2\/pages"}],"about":[{"href":"https:\/\/ligadonoportugues.com.br\/index.php\/wp-json\/wp\/v2\/types\/page"}],"author":[{"embeddable":true,"href":"https:\/\/ligadonoportugues.com.br\/index.php\/wp-json\/wp\/v2\/users\/1"}],"replies":[{"embeddable":true,"href":"https:\/\/ligadonoportugues.com.br\/index.php\/wp-json\/wp\/v2\/comments?post=869"}],"version-history":[{"count":6,"href":"https:\/\/ligadonoportugues.com.br\/index.php\/wp-json\/wp\/v2\/pages\/869\/revisions"}],"predecessor-version":[{"id":994,"href":"https:\/\/ligadonoportugues.com.br\/index.php\/wp-json\/wp\/v2\/pages\/869\/revisions\/994"}],"wp:attachment":[{"href":"https:\/\/ligadonoportugues.com.br\/index.php\/wp-json\/wp\/v2\/media?parent=869"}],"curies":[{"name":"wp","href":"https:\/\/api.w.org\/{rel}","templated":true}]}}